{"id":478,"date":"2025-09-14T22:39:29","date_gmt":"2025-09-14T20:39:29","guid":{"rendered":"https:\/\/solen-lombard.fr\/?page_id=478"},"modified":"2025-12-11T23:40:57","modified_gmt":"2025-12-11T22:40:57","slug":"centre-de-therapies-emergence","status":"publish","type":"page","link":"https:\/\/solen-lombard.fr\/index.php\/rendezvoustherapie\/centre-de-therapies-emergence\/","title":{"rendered":"Centre de th\u00e9rapies Emergence"},"content":{"rendered":"\n<blockquote class=\"wp-block-quote is-layout-flow wp-block-quote-is-layout-flow\">\n<h2 class=\"wp-block-heading\">L&#8217;\u00e9quipe du Centre \u00c9mergence\u00a0&#8211; centre de th\u00e9rapies pluridisciplinaire<\/h2>\n\n\n\n<p><\/p>\n\n\n\n<div class=\"wp-block-media-text is-stacked-on-mobile\" style=\"grid-template-columns:31% auto\"><figure class=\"wp-block-media-text__media\"><img data-dominant-color=\"f6f7f7\" data-has-transparency=\"false\" style=\"--dominant-color: #f6f7f7;\" loading=\"lazy\" decoding=\"async\" width=\"938\" height=\"938\" src=\"https:\/\/solen-lombard.fr\/wp-content\/uploads\/2025\/09\/Logo-Emergence-Fd-Blanc.png\" alt=\"\" class=\"wp-image-479 size-full not-transparent\" srcset=\"https:\/\/solen-lombard.fr\/wp-content\/uploads\/2025\/09\/Logo-Emergence-Fd-Blanc.png 938w, https:\/\/solen-lombard.fr\/wp-content\/uploads\/2025\/09\/Logo-Emergence-Fd-Blanc-300x300.png 300w, https:\/\/solen-lombard.fr\/wp-content\/uploads\/2025\/09\/Logo-Emergence-Fd-Blanc-150x150.png 150w, https:\/\/solen-lombard.fr\/wp-content\/uploads\/2025\/09\/Logo-Emergence-Fd-Blanc-768x768.png 768w\" sizes=\"auto, (max-width: 938px) 100vw, 938px\" \/><\/figure><div class=\"wp-block-media-text__content\">\n<p>D\u00e9couvrez l&#8217;\u00e9quipe pluridisciplinaire du Centre Emergence \u00e0 Saint-Av\u00e9 pour vos besoins de th\u00e9rapies corporelles, bien-\u00eatre, et psychiques. 4 cabinets partag\u00e9s pour professionnels et th\u00e9rapeutes du bien-\u00eatre global.<\/p>\n\n\n\n<p>Notre adresse : 4 RUE FRAN\u00c7OIS TANGUY PRIGENT 56890 SAINT-AV\u00c9 \/ RDC Gauche \/ <a href=\"https:\/\/solen-lombard.fr\/index.php\/rendezvouspsychotherapie\/\">Plus d&#8217;infos sur les solutions d&#8217;acc\u00e8s<\/a><\/p>\n<\/div><\/div>\n\n\n\n<h2 class=\"wp-block-heading\">L&#8217;\u00e9quipe du Centre Emergence pour votre bien-\u00eatre<\/h2>\n\n\n\n<div class=\"wp-block-media-text is-stacked-on-mobile\" style=\"grid-template-columns:33% auto\"><figure class=\"wp-block-media-text__media\"><img data-dominant-color=\"528093\" data-has-transparency=\"false\" style=\"--dominant-color: #528093;\" loading=\"lazy\" decoding=\"async\" width=\"819\" height=\"1024\" src=\"https:\/\/solen-lombard.fr\/wp-content\/uploads\/2025\/10\/AnaIs-Adergal-Medecine-Chinoise-Acupuncture-St-Ave-819x1024.png\" alt=\"\" class=\"wp-image-506 size-full not-transparent\" srcset=\"https:\/\/solen-lombard.fr\/wp-content\/uploads\/2025\/10\/AnaIs-Adergal-Medecine-Chinoise-Acupuncture-St-Ave-819x1024.png 819w, https:\/\/solen-lombard.fr\/wp-content\/uploads\/2025\/10\/AnaIs-Adergal-Medecine-Chinoise-Acupuncture-St-Ave-240x300.png 240w, https:\/\/solen-lombard.fr\/wp-content\/uploads\/2025\/10\/AnaIs-Adergal-Medecine-Chinoise-Acupuncture-St-Ave-768x960.png 768w, https:\/\/solen-lombard.fr\/wp-content\/uploads\/2025\/10\/AnaIs-Adergal-Medecine-Chinoise-Acupuncture-St-Ave.png 1080w\" sizes=\"auto, (max-width: 819px) 100vw, 819px\" \/><\/figure><div class=\"wp-block-media-text__content\">\n<h3 class=\"wp-block-heading\">Ana\u00efs Adergal<\/h3>\n\n\n\n<h4 class=\"wp-block-heading\">M\u00c9DECINE TRADITIONNELLE CHINOISE \/ R\u00c9FLEXOLOGIE \/ AURICULOTH\u00c9RAPIE \/ MASSAGES BIEN-\u00caTRE<\/h4>\n\n\n\n<p>B\u00e9b\u00e9s &#8211; Enfants -Ados &#8211; Femmes Enceintes &#8211; Adultes<\/p>\n\n\n\n<p>RDV : 06 22 53 84 01 \/\/ <a href=\"http:\/\/www.massage-morbihan.fr\">www.massage-morbihan.fr<\/a><\/p>\n<\/div><\/div>\n\n\n\n<div class=\"wp-block-media-text has-media-on-the-right is-stacked-on-mobile\" style=\"grid-template-columns:auto 33%\"><div class=\"wp-block-media-text__content\">\n<h3 class=\"wp-block-heading\">B\u00e9r\u00e9nice Corre<\/h3>\n\n\n\n<h4 class=\"wp-block-heading\">NATUROPATHE \/ R\u00c9FLEXOLOGUE PLANTAIRE \/ Sp\u00e9cialis\u00e9e en fertilit\u00e9 du couple et cycle f\u00e9minin<\/h4>\n\n\n\n<p>RDV : 06.32.68.95.21 \/ <a href=\"http:\/\/www.naturopathe-berenice-corre.fr\">www.naturopathe-berenice-corre.fr<\/a><\/p>\n<\/div><figure class=\"wp-block-media-text__media\"><img data-dominant-color=\"528092\" data-has-transparency=\"false\" style=\"--dominant-color: #528092;\" loading=\"lazy\" decoding=\"async\" width=\"819\" height=\"1024\" src=\"https:\/\/solen-lombard.fr\/wp-content\/uploads\/2025\/10\/Berenice-Corre-Naturopathe-St-Ave-819x1024.png\" alt=\"\" class=\"wp-image-507 size-full not-transparent\" srcset=\"https:\/\/solen-lombard.fr\/wp-content\/uploads\/2025\/10\/Berenice-Corre-Naturopathe-St-Ave-819x1024.png 819w, https:\/\/solen-lombard.fr\/wp-content\/uploads\/2025\/10\/Berenice-Corre-Naturopathe-St-Ave-240x300.png 240w, https:\/\/solen-lombard.fr\/wp-content\/uploads\/2025\/10\/Berenice-Corre-Naturopathe-St-Ave-768x960.png 768w, https:\/\/solen-lombard.fr\/wp-content\/uploads\/2025\/10\/Berenice-Corre-Naturopathe-St-Ave.png 1080w\" sizes=\"auto, (max-width: 819px) 100vw, 819px\" \/><\/figure><\/div>\n\n\n\n<div class=\"wp-block-media-text is-stacked-on-mobile\" style=\"grid-template-columns:33% auto\"><figure class=\"wp-block-media-text__media\"><img data-dominant-color=\"507d90\" data-has-transparency=\"false\" style=\"--dominant-color: #507d90;\" loading=\"lazy\" decoding=\"async\" width=\"819\" height=\"1024\" src=\"https:\/\/solen-lombard.fr\/wp-content\/uploads\/2025\/10\/Anne-Solenn-Garcia-Osteopathe-St-Ave-1-819x1024.png\" alt=\"\" class=\"wp-image-508 size-full not-transparent\" srcset=\"https:\/\/solen-lombard.fr\/wp-content\/uploads\/2025\/10\/Anne-Solenn-Garcia-Osteopathe-St-Ave-1-819x1024.png 819w, https:\/\/solen-lombard.fr\/wp-content\/uploads\/2025\/10\/Anne-Solenn-Garcia-Osteopathe-St-Ave-1-240x300.png 240w, https:\/\/solen-lombard.fr\/wp-content\/uploads\/2025\/10\/Anne-Solenn-Garcia-Osteopathe-St-Ave-1-768x960.png 768w, https:\/\/solen-lombard.fr\/wp-content\/uploads\/2025\/10\/Anne-Solenn-Garcia-Osteopathe-St-Ave-1.png 1080w\" sizes=\"auto, (max-width: 819px) 100vw, 819px\" \/><\/figure><div class=\"wp-block-media-text__content\">\n<h3 class=\"wp-block-heading\">Anne-Solenn Garcia <\/h3>\n\n\n\n<h4 class=\"wp-block-heading\">OST\u00c9OPATHE \/ Sp\u00e9cialis\u00e9e en digestif, cr\u00e2nien, oro-facial, et sant\u00e9 de la femme.<\/h4>\n\n\n\n<p>RDV : 06.59.16.16.02 <\/p>\n\n\n\n<p>ou <a href=\"https:\/\/www.doctolib.fr\/osteopathe\/sarzeau\/anne-solenn-garcia\">Doctolib&nbsp;<\/a><\/p>\n<\/div><\/div>\n\n\n\n<h2 class=\"wp-block-heading\"><\/h2>\n\n\n\n<div class=\"wp-block-media-text has-media-on-the-right is-stacked-on-mobile\" style=\"grid-template-columns:auto 33%\"><div class=\"wp-block-media-text__content\">\n<h3 class=\"wp-block-heading\">Marion Hery<\/h3>\n\n\n\n<h4 class=\"wp-block-heading\">OSTEOPATHE \/ Certifi\u00e9e en p\u00e9rinatalit\u00e9, p\u00e9diatrie, et sant\u00e9 de la femme<\/h4>\n\n\n\n<p>RDV : 06.67.55.31.30 ou <a href=\"https:\/\/www.doctolib.fr\/osteopathe\/creteil\/marion-hery?pid=practice-674591\">Doctolib (Lieu 3)<\/a><\/p>\n\n\n\n<p>Remplac\u00e9e certains jours par Rapha\u00eblle Autheman, ost\u00e9opathe formatrice en p\u00e9rinatalit\u00e9, et micro nutritionniste<\/p>\n<\/div><figure class=\"wp-block-media-text__media\"><img data-dominant-color=\"507d91\" data-has-transparency=\"false\" style=\"--dominant-color: #507d91;\" loading=\"lazy\" decoding=\"async\" width=\"819\" height=\"1024\" src=\"https:\/\/solen-lombard.fr\/wp-content\/uploads\/2025\/10\/Marion-Hery-Osteopathe-St-Ave-1-819x1024.png\" alt=\"\" class=\"wp-image-510 size-full not-transparent\" srcset=\"https:\/\/solen-lombard.fr\/wp-content\/uploads\/2025\/10\/Marion-Hery-Osteopathe-St-Ave-1-819x1024.png 819w, https:\/\/solen-lombard.fr\/wp-content\/uploads\/2025\/10\/Marion-Hery-Osteopathe-St-Ave-1-240x300.png 240w, https:\/\/solen-lombard.fr\/wp-content\/uploads\/2025\/10\/Marion-Hery-Osteopathe-St-Ave-1-768x960.png 768w, https:\/\/solen-lombard.fr\/wp-content\/uploads\/2025\/10\/Marion-Hery-Osteopathe-St-Ave-1.png 1080w\" sizes=\"auto, (max-width: 819px) 100vw, 819px\" \/><\/figure><\/div>\n\n\n\n<div class=\"wp-block-media-text is-stacked-on-mobile\" style=\"grid-template-columns:33% auto\"><figure class=\"wp-block-media-text__media\"><img data-dominant-color=\"538195\" data-has-transparency=\"false\" style=\"--dominant-color: #538195;\" loading=\"lazy\" decoding=\"async\" width=\"819\" height=\"1024\" src=\"https:\/\/solen-lombard.fr\/wp-content\/uploads\/2025\/10\/Raphaelle-Autheman-Osteo-MicroNutrionniste-St-Ave-1-819x1024.png\" alt=\"\" class=\"wp-image-517 size-full not-transparent\" srcset=\"https:\/\/solen-lombard.fr\/wp-content\/uploads\/2025\/10\/Raphaelle-Autheman-Osteo-MicroNutrionniste-St-Ave-1-819x1024.png 819w, https:\/\/solen-lombard.fr\/wp-content\/uploads\/2025\/10\/Raphaelle-Autheman-Osteo-MicroNutrionniste-St-Ave-1-240x300.png 240w, https:\/\/solen-lombard.fr\/wp-content\/uploads\/2025\/10\/Raphaelle-Autheman-Osteo-MicroNutrionniste-St-Ave-1-768x960.png 768w, https:\/\/solen-lombard.fr\/wp-content\/uploads\/2025\/10\/Raphaelle-Autheman-Osteo-MicroNutrionniste-St-Ave-1.png 1080w\" sizes=\"auto, (max-width: 819px) 100vw, 819px\" \/><\/figure><div class=\"wp-block-media-text__content\">\n<h3 class=\"wp-block-heading\">Rapha\u00eblle Autheman<\/h3>\n<\/div><\/div>\n\n\n\n<div class=\"wp-block-media-text has-media-on-the-right is-stacked-on-mobile\" style=\"grid-template-columns:auto 30%\"><div class=\"wp-block-media-text__content\">\n<h3 class=\"wp-block-heading\">Mathieu Olivieri <\/h3>\n\n\n\n<h4 class=\"wp-block-heading\">Praticien en Hypnose &amp; EFT (technique de lib\u00e9ration \u00e9motionnelle) ; Energ\u00e9ticien<\/h4>\n\n\n\n<p>Adultes et Adolescents + 14 ans<\/p>\n\n\n\n<p>RDV : 07.68.59.41.27 ou\u00a0<a href=\"mailto:hypnoom@yahoo.com\" target=\"_blank\" rel=\"noreferrer noopener\">hypnoom@yahoo.com<\/a><\/p>\n<\/div><figure class=\"wp-block-media-text__media\"><img data-dominant-color=\"4d7f95\" data-has-transparency=\"false\" style=\"--dominant-color: #4d7f95;\" loading=\"lazy\" decoding=\"async\" width=\"819\" height=\"1024\" src=\"https:\/\/solen-lombard.fr\/wp-content\/uploads\/2025\/12\/Mathieu-Olivieri-Hypnose-EFT-Energeticien-Vannes-St-Ave-819x1024.png\" alt=\"\" class=\"wp-image-528 size-full not-transparent\" srcset=\"https:\/\/solen-lombard.fr\/wp-content\/uploads\/2025\/12\/Mathieu-Olivieri-Hypnose-EFT-Energeticien-Vannes-St-Ave-819x1024.png 819w, https:\/\/solen-lombard.fr\/wp-content\/uploads\/2025\/12\/Mathieu-Olivieri-Hypnose-EFT-Energeticien-Vannes-St-Ave-240x300.png 240w, https:\/\/solen-lombard.fr\/wp-content\/uploads\/2025\/12\/Mathieu-Olivieri-Hypnose-EFT-Energeticien-Vannes-St-Ave-768x960.png 768w, https:\/\/solen-lombard.fr\/wp-content\/uploads\/2025\/12\/Mathieu-Olivieri-Hypnose-EFT-Energeticien-Vannes-St-Ave.png 1080w\" sizes=\"auto, (max-width: 819px) 100vw, 819px\" \/><\/figure><\/div>\n\n\n\n<div class=\"wp-block-media-text is-stacked-on-mobile\" style=\"grid-template-columns:33% auto\"><figure class=\"wp-block-media-text__media\"><img data-dominant-color=\"517e91\" data-has-transparency=\"false\" style=\"--dominant-color: #517e91;\" loading=\"lazy\" decoding=\"async\" width=\"819\" height=\"1024\" src=\"https:\/\/solen-lombard.fr\/wp-content\/uploads\/2025\/10\/Solen-Lombard-Psy-APO-St-Ave-1-819x1024.png\" alt=\"\" class=\"wp-image-511 size-full not-transparent\" srcset=\"https:\/\/solen-lombard.fr\/wp-content\/uploads\/2025\/10\/Solen-Lombard-Psy-APO-St-Ave-1-819x1024.png 819w, https:\/\/solen-lombard.fr\/wp-content\/uploads\/2025\/10\/Solen-Lombard-Psy-APO-St-Ave-1-240x300.png 240w, https:\/\/solen-lombard.fr\/wp-content\/uploads\/2025\/10\/Solen-Lombard-Psy-APO-St-Ave-1-768x960.png 768w, https:\/\/solen-lombard.fr\/wp-content\/uploads\/2025\/10\/Solen-Lombard-Psy-APO-St-Ave-1.png 1080w\" sizes=\"auto, (max-width: 819px) 100vw, 819px\" \/><\/figure><div class=\"wp-block-media-text__content\">\n<h3 class=\"wp-block-heading\">Solen Lombard&nbsp;<\/h3>\n\n\n\n<h4 class=\"wp-block-heading\">ANALYSTE PSYCHO-ORGANIQUE \/ Th\u00e9rapie analytique \u00e0 m\u00e9diation corporelle <\/h4>\n\n\n\n<p><a href=\"https:\/\/solen-lombard.fr\/index.php\/solen-lombard-a-propos\/la-therapie-de-lenfant-et-de-ladolescent\/\">Enfants<\/a> &#8211; Adolescents &#8211; Adultes<\/p>\n\n\n\n<p>RDV : 06.81.64.69.88 \/ <a href=\"https:\/\/solen-lombard.fr\/\">www.solen-lombard.fr<\/a><\/p>\n<\/div><\/div>\n\n\n\n<div class=\"wp-block-media-text has-media-on-the-right is-stacked-on-mobile\" style=\"grid-template-columns:auto 33%\"><div class=\"wp-block-media-text__content\">\n<h3 class=\"wp-block-heading\">Myl\u00e8ne Roselier<\/h3>\n\n\n\n<h4 class=\"wp-block-heading\">Mylzen massages du monde<\/h4>\n\n\n\n<p>Massages bien-\u00eatre (minceur, tha\u00ef, abyangha, carib\u00e9en, lifting du visage chinois,&#8230;) <\/p>\n\n\n\n<p>RDV : sur <a href=\"https:\/\/www.planity.com\/mylzen-56890-saint-ave\">Planity <\/a>\/ <a href=\"https:\/\/mylzen-massages.com\/\">https:\/\/mylzen-massages.com\/<\/a> <\/p>\n<\/div><figure class=\"wp-block-media-text__media\"><img data-dominant-color=\"578393\" data-has-transparency=\"false\" style=\"--dominant-color: #578393;\" loading=\"lazy\" decoding=\"async\" width=\"819\" height=\"1024\" src=\"https:\/\/solen-lombard.fr\/wp-content\/uploads\/2025\/10\/Mylene-Roselier-Massages-St-Ave-1-819x1024.png\" alt=\"\" class=\"wp-image-512 size-full not-transparent\" srcset=\"https:\/\/solen-lombard.fr\/wp-content\/uploads\/2025\/10\/Mylene-Roselier-Massages-St-Ave-1-819x1024.png 819w, https:\/\/solen-lombard.fr\/wp-content\/uploads\/2025\/10\/Mylene-Roselier-Massages-St-Ave-1-240x300.png 240w, https:\/\/solen-lombard.fr\/wp-content\/uploads\/2025\/10\/Mylene-Roselier-Massages-St-Ave-1-768x960.png 768w, https:\/\/solen-lombard.fr\/wp-content\/uploads\/2025\/10\/Mylene-Roselier-Massages-St-Ave-1.png 1080w\" sizes=\"auto, (max-width: 819px) 100vw, 819px\" \/><\/figure><\/div>\n\n\n\n<div class=\"wp-block-media-text is-stacked-on-mobile\" style=\"grid-template-columns:33% auto\"><figure class=\"wp-block-media-text__media\"><img data-dominant-color=\"537f92\" data-has-transparency=\"false\" style=\"--dominant-color: #537f92;\" loading=\"lazy\" decoding=\"async\" width=\"819\" height=\"1024\" src=\"https:\/\/solen-lombard.fr\/wp-content\/uploads\/2025\/10\/Flore-de-Sevin-Psy-APO-St-Ave-819x1024.png\" alt=\"\" class=\"wp-image-513 size-full not-transparent\" srcset=\"https:\/\/solen-lombard.fr\/wp-content\/uploads\/2025\/10\/Flore-de-Sevin-Psy-APO-St-Ave-819x1024.png 819w, https:\/\/solen-lombard.fr\/wp-content\/uploads\/2025\/10\/Flore-de-Sevin-Psy-APO-St-Ave-240x300.png 240w, https:\/\/solen-lombard.fr\/wp-content\/uploads\/2025\/10\/Flore-de-Sevin-Psy-APO-St-Ave-768x960.png 768w, https:\/\/solen-lombard.fr\/wp-content\/uploads\/2025\/10\/Flore-de-Sevin-Psy-APO-St-Ave.png 1080w\" sizes=\"auto, (max-width: 819px) 100vw, 819px\" \/><\/figure><div class=\"wp-block-media-text__content\">\n<h3 class=\"wp-block-heading\">Flore de Sevin&nbsp;<\/h3>\n\n\n\n<h4 class=\"wp-block-heading\">ANALYSTE PSYCHO-ORGANIQUE<\/h4>\n\n\n\n<p>Th\u00e9rapie corporelle et analytique\u00a0 \/ Adultes<\/p>\n\n\n\n<p>RDV : 06.15.41.69.97<\/p>\n<\/div><\/div>\n\n\n\n<div class=\"wp-block-media-text has-media-on-the-right is-stacked-on-mobile\" style=\"grid-template-columns:auto 33%\"><div class=\"wp-block-media-text__content\">\n<h3 class=\"wp-block-heading\">Isabelle Voin\u00e7on<\/h3>\n\n\n\n<h4 class=\"wp-block-heading\">THERAPEUTE EN ANALYSE BIO-ENERGETIQUE \/ Adolescents &#8211; Adultes<\/h4>\n\n\n\n<p>RDV : 06.15.13.61.88 \/ <a href=\"http:\/\/isabellevoincon-therapie.fr\">isabellevoincon-therapie.fr<\/a><\/p>\n<\/div><figure class=\"wp-block-media-text__media\"><img data-dominant-color=\"507d90\" data-has-transparency=\"false\" style=\"--dominant-color: #507d90;\" loading=\"lazy\" decoding=\"async\" width=\"819\" height=\"1024\" src=\"https:\/\/solen-lombard.fr\/wp-content\/uploads\/2025\/10\/Isabelle-Voincon-Analyste-Bio-Energetique-St-Ave-1-819x1024.png\" alt=\"\" class=\"wp-image-514 size-full not-transparent\" srcset=\"https:\/\/solen-lombard.fr\/wp-content\/uploads\/2025\/10\/Isabelle-Voincon-Analyste-Bio-Energetique-St-Ave-1-819x1024.png 819w, https:\/\/solen-lombard.fr\/wp-content\/uploads\/2025\/10\/Isabelle-Voincon-Analyste-Bio-Energetique-St-Ave-1-240x300.png 240w, https:\/\/solen-lombard.fr\/wp-content\/uploads\/2025\/10\/Isabelle-Voincon-Analyste-Bio-Energetique-St-Ave-1-768x960.png 768w, https:\/\/solen-lombard.fr\/wp-content\/uploads\/2025\/10\/Isabelle-Voincon-Analyste-Bio-Energetique-St-Ave-1.png 1080w\" sizes=\"auto, (max-width: 819px) 100vw, 819px\" \/><\/figure><\/div>\n\n\n\n<p><strong>Vous \u00eates int\u00e9ress\u00e9.e pour rejoindre l&#8217;\u00e9quipe pour 1 \u00e0 plusieurs jours par semaine ? <\/strong><\/p>\n\n\n\n<p>Contactez Solen Lombard par email (solen.openup@gmail.com) pour conna\u00eetre les disponibilit\u00e9s en cours ou \u00e0 venir, nos tarifs, et pour visiter les lieux.<\/p>\n\n\n\n<figure class=\"wp-block-gallery has-nested-images columns-default is-cropped wp-block-gallery-1 is-layout-flex wp-block-gallery-is-layout-flex\">\n<figure class=\"wp-block-image size-large\"><img data-dominant-color=\"27688c\" data-has-transparency=\"false\" style=\"--dominant-color: #27688c;\" loading=\"lazy\" decoding=\"async\" width=\"721\" height=\"1024\" data-id=\"485\" src=\"https:\/\/solen-lombard.fr\/wp-content\/uploads\/2025\/09\/Flyer-A5-centre-Emergence-verso-2-721x1024.png\" alt=\"L'\u00e9quipe du centre Emergence Saint-Av\u00e9\" class=\"wp-image-485 not-transparent\" srcset=\"https:\/\/solen-lombard.fr\/wp-content\/uploads\/2025\/09\/Flyer-A5-centre-Emergence-verso-2-721x1024.png 721w, https:\/\/solen-lombard.fr\/wp-content\/uploads\/2025\/09\/Flyer-A5-centre-Emergence-verso-2-211x300.png 211w, https:\/\/solen-lombard.fr\/wp-content\/uploads\/2025\/09\/Flyer-A5-centre-Emergence-verso-2-768x1090.png 768w, https:\/\/solen-lombard.fr\/wp-content\/uploads\/2025\/09\/Flyer-A5-centre-Emergence-verso-2-1082x1536.png 1082w, https:\/\/solen-lombard.fr\/wp-content\/uploads\/2025\/09\/Flyer-A5-centre-Emergence-verso-2.png 1409w\" sizes=\"auto, (max-width: 721px) 100vw, 721px\" \/><\/figure>\n\n\n\n<figure class=\"wp-block-image size-large\"><img data-dominant-color=\"809392\" data-has-transparency=\"false\" style=\"--dominant-color: #809392;\" loading=\"lazy\" decoding=\"async\" width=\"722\" height=\"1024\" data-id=\"487\" src=\"https:\/\/solen-lombard.fr\/wp-content\/uploads\/2025\/09\/Flyer-Recto-1-722x1024.png\" alt=\"Centre de th\u00e9rapies Emergence Saint-Av\u00e9 Vannes\" class=\"wp-image-487 not-transparent\" srcset=\"https:\/\/solen-lombard.fr\/wp-content\/uploads\/2025\/09\/Flyer-Recto-1-722x1024.png 722w, https:\/\/solen-lombard.fr\/wp-content\/uploads\/2025\/09\/Flyer-Recto-1-211x300.png 211w, https:\/\/solen-lombard.fr\/wp-content\/uploads\/2025\/09\/Flyer-Recto-1-768x1090.png 768w, https:\/\/solen-lombard.fr\/wp-content\/uploads\/2025\/09\/Flyer-Recto-1-1083x1536.png 1083w, https:\/\/solen-lombard.fr\/wp-content\/uploads\/2025\/09\/Flyer-Recto-1-1443x2048.png 1443w, https:\/\/solen-lombard.fr\/wp-content\/uploads\/2025\/09\/Flyer-Recto-1.png 1762w\" sizes=\"auto, (max-width: 722px) 100vw, 722px\" \/><\/figure>\n<\/figure>\n\n\n\n<blockquote class=\"wp-block-quote is-layout-flow wp-block-quote-is-layout-flow\">\n<p><\/p>\n<\/blockquote>\n<\/blockquote>\n\n\n\n<p><\/p>\n","protected":false},"excerpt":{"rendered":"","protected":false},"author":1,"featured_media":0,"parent":2,"menu_order":0,"comment_status":"closed","ping_status":"closed","template":"","meta":{"footnotes":""},"class_list":["post-478","page","type-page","status-publish","hentry"],"yoast_head":"<!-- This site is optimized with the Yoast SEO plugin v27.5 - https:\/\/yoast.com\/product\/yoast-seo-wordpress\/ -->\n<title>Centre de th\u00e9rapies Emergence - Solen Lombard - Accueil<\/title>\n<meta name=\"description\" content=\"Centre Emergence \u00e0 Saint-Av\u00e9. Une \u00e9quipe pluridisciplinaire du soin bien-\u00eatre et de th\u00e9rapies corporelles ou psychiques\" \/>\n<meta name=\"robots\" content=\"index, follow, max-snippet:-1, max-image-preview:large, max-video-preview:-1\" \/>\n<link rel=\"canonical\" href=\"https:\/\/solen-lombard.fr\/index.php\/rendezvoustherapie\/centre-de-therapies-emergence\/\" \/>\n<meta property=\"og:locale\" content=\"en_US\" \/>\n<meta property=\"og:type\" content=\"article\" \/>\n<meta property=\"og:title\" content=\"Centre de th\u00e9rapies Emergence - Solen Lombard - Accueil\" \/>\n<meta property=\"og:description\" content=\"Centre Emergence \u00e0 Saint-Av\u00e9. Une \u00e9quipe pluridisciplinaire du soin bien-\u00eatre et de th\u00e9rapies corporelles ou psychiques\" \/>\n<meta property=\"og:url\" content=\"https:\/\/solen-lombard.fr\/index.php\/rendezvoustherapie\/centre-de-therapies-emergence\/\" \/>\n<meta property=\"og:site_name\" content=\"Solen Lombard - Accueil\" \/>\n<meta property=\"article:modified_time\" content=\"2025-12-11T22:40:57+00:00\" \/>\n<meta property=\"og:image\" content=\"https:\/\/solen-lombard.fr\/wp-content\/uploads\/2025\/09\/Logo-Emergence-Fd-Blanc.png\" \/>\n\t<meta property=\"og:image:width\" content=\"938\" \/>\n\t<meta property=\"og:image:height\" content=\"938\" \/>\n\t<meta property=\"og:image:type\" content=\"image\/png\" \/>\n<meta name=\"twitter:card\" content=\"summary_large_image\" \/>\n<script type=\"application\/ld+json\" class=\"yoast-schema-graph\">{\"@context\":\"https:\\\/\\\/schema.org\",\"@graph\":[{\"@type\":\"WebPage\",\"@id\":\"https:\\\/\\\/solen-lombard.fr\\\/index.php\\\/rendezvoustherapie\\\/centre-de-therapies-emergence\\\/\",\"url\":\"https:\\\/\\\/solen-lombard.fr\\\/index.php\\\/rendezvoustherapie\\\/centre-de-therapies-emergence\\\/\",\"name\":\"Centre de th\u00e9rapies Emergence - Solen Lombard - Accueil\",\"isPartOf\":{\"@id\":\"https:\\\/\\\/solen-lombard.fr\\\/#website\"},\"primaryImageOfPage\":{\"@id\":\"https:\\\/\\\/solen-lombard.fr\\\/index.php\\\/rendezvoustherapie\\\/centre-de-therapies-emergence\\\/#primaryimage\"},\"image\":{\"@id\":\"https:\\\/\\\/solen-lombard.fr\\\/index.php\\\/rendezvoustherapie\\\/centre-de-therapies-emergence\\\/#primaryimage\"},\"thumbnailUrl\":\"https:\\\/\\\/solen-lombard.fr\\\/wp-content\\\/uploads\\\/2025\\\/09\\\/Logo-Emergence-Fd-Blanc.png\",\"datePublished\":\"2025-09-14T20:39:29+00:00\",\"dateModified\":\"2025-12-11T22:40:57+00:00\",\"description\":\"Centre Emergence \u00e0 Saint-Av\u00e9. Une \u00e9quipe pluridisciplinaire du soin bien-\u00eatre et de th\u00e9rapies corporelles ou psychiques\",\"breadcrumb\":{\"@id\":\"https:\\\/\\\/solen-lombard.fr\\\/index.php\\\/rendezvoustherapie\\\/centre-de-therapies-emergence\\\/#breadcrumb\"},\"inLanguage\":\"en-US\",\"potentialAction\":[{\"@type\":\"ReadAction\",\"target\":[\"https:\\\/\\\/solen-lombard.fr\\\/index.php\\\/rendezvoustherapie\\\/centre-de-therapies-emergence\\\/\"]}]},{\"@type\":\"ImageObject\",\"inLanguage\":\"en-US\",\"@id\":\"https:\\\/\\\/solen-lombard.fr\\\/index.php\\\/rendezvoustherapie\\\/centre-de-therapies-emergence\\\/#primaryimage\",\"url\":\"https:\\\/\\\/solen-lombard.fr\\\/wp-content\\\/uploads\\\/2025\\\/09\\\/Logo-Emergence-Fd-Blanc.png\",\"contentUrl\":\"https:\\\/\\\/solen-lombard.fr\\\/wp-content\\\/uploads\\\/2025\\\/09\\\/Logo-Emergence-Fd-Blanc.png\",\"width\":938,\"height\":938,\"caption\":\"Logo Centre Emergence St Av\u00e9\"},{\"@type\":\"BreadcrumbList\",\"@id\":\"https:\\\/\\\/solen-lombard.fr\\\/index.php\\\/rendezvoustherapie\\\/centre-de-therapies-emergence\\\/#breadcrumb\",\"itemListElement\":[{\"@type\":\"ListItem\",\"position\":1,\"name\":\"Accueil\",\"item\":\"https:\\\/\\\/solen-lombard.fr\\\/\"},{\"@type\":\"ListItem\",\"position\":2,\"name\":\"Prendre Rendez-Vous pour d\u00e9marrer une th\u00e9rapie\",\"item\":\"https:\\\/\\\/solen-lombard.fr\\\/index.php\\\/rendezvoustherapie\\\/\"},{\"@type\":\"ListItem\",\"position\":3,\"name\":\"Centre de th\u00e9rapies Emergence\"}]},{\"@type\":\"WebSite\",\"@id\":\"https:\\\/\\\/solen-lombard.fr\\\/#website\",\"url\":\"https:\\\/\\\/solen-lombard.fr\\\/\",\"name\":\"solen-lombard.fr\",\"description\":\"Un site utilisant WordPress\",\"publisher\":{\"@id\":\"https:\\\/\\\/solen-lombard.fr\\\/#organization\"},\"potentialAction\":[{\"@type\":\"SearchAction\",\"target\":{\"@type\":\"EntryPoint\",\"urlTemplate\":\"https:\\\/\\\/solen-lombard.fr\\\/?s={search_term_string}\"},\"query-input\":{\"@type\":\"PropertyValueSpecification\",\"valueRequired\":true,\"valueName\":\"search_term_string\"}}],\"inLanguage\":\"en-US\"},{\"@type\":\"Organization\",\"@id\":\"https:\\\/\\\/solen-lombard.fr\\\/#organization\",\"name\":\"EI Solen Lombard Psychoth\u00e9rapie\",\"url\":\"https:\\\/\\\/solen-lombard.fr\\\/\",\"logo\":{\"@type\":\"ImageObject\",\"inLanguage\":\"en-US\",\"@id\":\"https:\\\/\\\/solen-lombard.fr\\\/#\\\/schema\\\/logo\\\/image\\\/\",\"url\":\"https:\\\/\\\/solen-lombard.fr\\\/wp-content\\\/uploads\\\/2025\\\/02\\\/Solen-Lombard.png\",\"contentUrl\":\"https:\\\/\\\/solen-lombard.fr\\\/wp-content\\\/uploads\\\/2025\\\/02\\\/Solen-Lombard.png\",\"width\":500,\"height\":500,\"caption\":\"EI Solen Lombard Psychoth\u00e9rapie\"},\"image\":{\"@id\":\"https:\\\/\\\/solen-lombard.fr\\\/#\\\/schema\\\/logo\\\/image\\\/\"},\"sameAs\":[\"https:\\\/\\\/www.linkedin.com\\\/in\\\/solen-lombard\\\/\"]}]}<\/script>\n<!-- \/ Yoast SEO plugin. -->","yoast_head_json":{"title":"Centre de th\u00e9rapies Emergence - Solen Lombard - Accueil","description":"Centre Emergence \u00e0 Saint-Av\u00e9. Une \u00e9quipe pluridisciplinaire du soin bien-\u00eatre et de th\u00e9rapies corporelles ou psychiques","robots":{"index":"index","follow":"follow","max-snippet":"max-snippet:-1","max-image-preview":"max-image-preview:large","max-video-preview":"max-video-preview:-1"},"canonical":"https:\/\/solen-lombard.fr\/index.php\/rendezvoustherapie\/centre-de-therapies-emergence\/","og_locale":"en_US","og_type":"article","og_title":"Centre de th\u00e9rapies Emergence - Solen Lombard - Accueil","og_description":"Centre Emergence \u00e0 Saint-Av\u00e9. Une \u00e9quipe pluridisciplinaire du soin bien-\u00eatre et de th\u00e9rapies corporelles ou psychiques","og_url":"https:\/\/solen-lombard.fr\/index.php\/rendezvoustherapie\/centre-de-therapies-emergence\/","og_site_name":"Solen Lombard - Accueil","article_modified_time":"2025-12-11T22:40:57+00:00","og_image":[{"width":938,"height":938,"url":"https:\/\/solen-lombard.fr\/wp-content\/uploads\/2025\/09\/Logo-Emergence-Fd-Blanc.png","type":"image\/png"}],"twitter_card":"summary_large_image","schema":{"@context":"https:\/\/schema.org","@graph":[{"@type":"WebPage","@id":"https:\/\/solen-lombard.fr\/index.php\/rendezvoustherapie\/centre-de-therapies-emergence\/","url":"https:\/\/solen-lombard.fr\/index.php\/rendezvoustherapie\/centre-de-therapies-emergence\/","name":"Centre de th\u00e9rapies Emergence - Solen Lombard - Accueil","isPartOf":{"@id":"https:\/\/solen-lombard.fr\/#website"},"primaryImageOfPage":{"@id":"https:\/\/solen-lombard.fr\/index.php\/rendezvoustherapie\/centre-de-therapies-emergence\/#primaryimage"},"image":{"@id":"https:\/\/solen-lombard.fr\/index.php\/rendezvoustherapie\/centre-de-therapies-emergence\/#primaryimage"},"thumbnailUrl":"https:\/\/solen-lombard.fr\/wp-content\/uploads\/2025\/09\/Logo-Emergence-Fd-Blanc.png","datePublished":"2025-09-14T20:39:29+00:00","dateModified":"2025-12-11T22:40:57+00:00","description":"Centre Emergence \u00e0 Saint-Av\u00e9. Une \u00e9quipe pluridisciplinaire du soin bien-\u00eatre et de th\u00e9rapies corporelles ou psychiques","breadcrumb":{"@id":"https:\/\/solen-lombard.fr\/index.php\/rendezvoustherapie\/centre-de-therapies-emergence\/#breadcrumb"},"inLanguage":"en-US","potentialAction":[{"@type":"ReadAction","target":["https:\/\/solen-lombard.fr\/index.php\/rendezvoustherapie\/centre-de-therapies-emergence\/"]}]},{"@type":"ImageObject","inLanguage":"en-US","@id":"https:\/\/solen-lombard.fr\/index.php\/rendezvoustherapie\/centre-de-therapies-emergence\/#primaryimage","url":"https:\/\/solen-lombard.fr\/wp-content\/uploads\/2025\/09\/Logo-Emergence-Fd-Blanc.png","contentUrl":"https:\/\/solen-lombard.fr\/wp-content\/uploads\/2025\/09\/Logo-Emergence-Fd-Blanc.png","width":938,"height":938,"caption":"Logo Centre Emergence St Av\u00e9"},{"@type":"BreadcrumbList","@id":"https:\/\/solen-lombard.fr\/index.php\/rendezvoustherapie\/centre-de-therapies-emergence\/#breadcrumb","itemListElement":[{"@type":"ListItem","position":1,"name":"Accueil","item":"https:\/\/solen-lombard.fr\/"},{"@type":"ListItem","position":2,"name":"Prendre Rendez-Vous pour d\u00e9marrer une th\u00e9rapie","item":"https:\/\/solen-lombard.fr\/index.php\/rendezvoustherapie\/"},{"@type":"ListItem","position":3,"name":"Centre de th\u00e9rapies Emergence"}]},{"@type":"WebSite","@id":"https:\/\/solen-lombard.fr\/#website","url":"https:\/\/solen-lombard.fr\/","name":"solen-lombard.fr","description":"Un site utilisant WordPress","publisher":{"@id":"https:\/\/solen-lombard.fr\/#organization"},"potentialAction":[{"@type":"SearchAction","target":{"@type":"EntryPoint","urlTemplate":"https:\/\/solen-lombard.fr\/?s={search_term_string}"},"query-input":{"@type":"PropertyValueSpecification","valueRequired":true,"valueName":"search_term_string"}}],"inLanguage":"en-US"},{"@type":"Organization","@id":"https:\/\/solen-lombard.fr\/#organization","name":"EI Solen Lombard Psychoth\u00e9rapie","url":"https:\/\/solen-lombard.fr\/","logo":{"@type":"ImageObject","inLanguage":"en-US","@id":"https:\/\/solen-lombard.fr\/#\/schema\/logo\/image\/","url":"https:\/\/solen-lombard.fr\/wp-content\/uploads\/2025\/02\/Solen-Lombard.png","contentUrl":"https:\/\/solen-lombard.fr\/wp-content\/uploads\/2025\/02\/Solen-Lombard.png","width":500,"height":500,"caption":"EI Solen Lombard Psychoth\u00e9rapie"},"image":{"@id":"https:\/\/solen-lombard.fr\/#\/schema\/logo\/image\/"},"sameAs":["https:\/\/www.linkedin.com\/in\/solen-lombard\/"]}]}},"_links":{"self":[{"href":"https:\/\/solen-lombard.fr\/index.php\/wp-json\/wp\/v2\/pages\/478","targetHints":{"allow":["GET"]}}],"collection":[{"href":"https:\/\/solen-lombard.fr\/index.php\/wp-json\/wp\/v2\/pages"}],"about":[{"href":"https:\/\/solen-lombard.fr\/index.php\/wp-json\/wp\/v2\/types\/page"}],"author":[{"embeddable":true,"href":"https:\/\/solen-lombard.fr\/index.php\/wp-json\/wp\/v2\/users\/1"}],"replies":[{"embeddable":true,"href":"https:\/\/solen-lombard.fr\/index.php\/wp-json\/wp\/v2\/comments?post=478"}],"version-history":[{"count":0,"href":"https:\/\/solen-lombard.fr\/index.php\/wp-json\/wp\/v2\/pages\/478\/revisions"}],"up":[{"embeddable":true,"href":"https:\/\/solen-lombard.fr\/index.php\/wp-json\/wp\/v2\/pages\/2"}],"wp:attachment":[{"href":"https:\/\/solen-lombard.fr\/index.php\/wp-json\/wp\/v2\/media?parent=478"}],"curies":[{"name":"wp","href":"https:\/\/api.w.org\/{rel}","templated":true}]}}