{"id":80,"date":"2024-09-10T13:13:09","date_gmt":"2024-09-10T11:13:09","guid":{"rendered":"https:\/\/solen-lombard.fr\/?page_id=80"},"modified":"2025-12-11T23:49:29","modified_gmt":"2025-12-11T22:49:29","slug":"cabinet-psy-vannes-saint-ave","status":"publish","type":"page","link":"https:\/\/solen-lombard.fr\/index.php\/rendezvoustherapie\/cabinet-psy-vannes-saint-ave\/","title":{"rendered":"Acc\u00e8s au cabinet"},"content":{"rendered":"\n<h2 class=\"wp-block-heading\">Acc\u00e8s au cabinet psy de Vannes \/ Saint-Av\u00e9 de <a href=\"https:\/\/solen-lombard.fr\/index.php\/rendezvous\/\">Solen Lombard<\/a><\/h2>\n\n\n\n<div class=\"wp-block-media-text is-stacked-on-mobile\" style=\"grid-template-columns:29% auto\"><figure class=\"wp-block-media-text__media\"><img loading=\"lazy\" decoding=\"async\" width=\"938\" height=\"938\" src=\"https:\/\/solen-lombard.fr\/wp-content\/uploads\/2025\/02\/Logo-Emergence-Fb-Bleu.png\" alt=\"Centre de th\u00e9rapies Emergence Saint-Av\u00e9 Vannes\" class=\"wp-image-189 size-full\" srcset=\"https:\/\/solen-lombard.fr\/wp-content\/uploads\/2025\/02\/Logo-Emergence-Fb-Bleu.png 938w, https:\/\/solen-lombard.fr\/wp-content\/uploads\/2025\/02\/Logo-Emergence-Fb-Bleu-300x300.png 300w, https:\/\/solen-lombard.fr\/wp-content\/uploads\/2025\/02\/Logo-Emergence-Fb-Bleu-150x150.png 150w, https:\/\/solen-lombard.fr\/wp-content\/uploads\/2025\/02\/Logo-Emergence-Fb-Bleu-768x768.png 768w\" sizes=\"auto, (max-width: 938px) 100vw, 938px\" \/><\/figure><div class=\"wp-block-media-text__content\">\n<p><strong>Centre de Th\u00e9rapies Emergence <\/strong><\/p>\n\n\n\n<p><strong>Immeuble Terapolis \u2013<\/strong> RDC Gauche, porte 1.<\/p>\n\n\n\n<p><strong>4 rue Fran\u00e7ois Tanguy Prigent &#8211;  <\/strong><\/p>\n\n\n\n<p><strong>56890 Saint-Av\u00e9 \/ Vannes Nord<\/strong><\/p>\n<\/div><\/div>\n\n\n\n<p><strong>Acc\u00e8s en voiture :<\/strong><\/p>\n\n\n\n<blockquote class=\"wp-block-quote is-layout-flow wp-block-quote-is-layout-flow\">\n<p>&gt; A 2 min des voies rapides N166 Rennes \/ Vannes (sortie Saint-Av\u00e9) et N165 Nantes\/Lorient (sortie Saint-Av\u00e9 \/ Rennes). Suivre Saint-Av\u00e9. <\/p>\n\n\n\n<blockquote class=\"wp-block-quote is-layout-flow wp-block-quote-is-layout-flow\">\n<p>Au rond-point de Kermelin, suivre le panneau ZA de Saint-Th\u00e9baud, \u00e0 la pharmacie du Loc.  <\/p>\n\n\n\n<p>Stationnement gratuit sur le parking de l&#8217;immeuble et dans la rue<\/p>\n<\/blockquote>\n\n\n\n<p><strong>Acc\u00e8s en bus :<\/strong>&nbsp;Ligne 4 et 7 \u2013 toutes les 10 minutes depuis le centre de Vannes (de 7h \u00e0 19h45). Arr\u00eat \u00ab&nbsp;Toulbao&nbsp;\u00bb situ\u00e9 \u00e0 2 minutes \u00e0 pied. Horaires et itin\u00e9raires sur le&nbsp;<a href=\"https:\/\/web.archive.org\/web\/20240229055319\/https:\/\/www.kiceo.fr\/ligne\/ligne-1\">site de Kic\u00e9o<\/a>. <\/p>\n\n\n\n<p><strong>Acc\u00e8s en v\u00e9lo<\/strong> : les pistes cyclables desservent facilement le lieu. Un abri v\u00e9lo couvert est disponible \u00e0 l&#8217;immeuble Ja\u00efpur plus haut dans la rue. Des arceaux v\u00e9lo devraient prochainement \u00eatre install\u00e9s sur notre parking.<\/p>\n\n\n\n<p>Tout le b\u00e2timent est de plain pied, accessible PMR.<\/p>\n\n\n\n<h2 class=\"wp-block-heading\">Les autres praticiens du Centre de Th\u00e9rapies Emergence :<\/h2>\n<\/blockquote>\n\n\n\n<p>Le Centre Emergence c&#8217;est 4 cabinets vous proposant une offre compl\u00e9mentaire de soins du corps et de l&#8217;esprit. <\/p>\n\n\n\n<ul class=\"wp-block-list\">\n<li><a href=\"https:\/\/monpsy.psychologies.com\/psys\/flore-de-sevin\">Analyste Psycho-Organique : Flore de Sevin<\/a><\/li>\n\n\n\n<li><a href=\"https:\/\/isabellevoincon-therapie.fr\/\">Analyste Bio-Energ\u00e9tique : Isabelle Voin\u00e7on<\/a><\/li>\n\n\n\n<li><a href=\"https:\/\/www.naturopathe-berenice-corre.fr\/\">Naturopathe \/ R\u00e9flexologue : B\u00e9r\u00e9nice Corre<\/a><\/li>\n\n\n\n<li><a href=\"https:\/\/www.massage-morbihan.fr\/\">Praticienne en m\u00e9decine traditionnelle chinoise : Ana\u00efs Adergal <\/a><\/li>\n\n\n\n<li>Praticien en hypnose et EFT + \u00e9nerg\u00e9ticien : Mathieu Olivieri<\/li>\n\n\n\n<li>Ost\u00e9opathes :<a href=\"https:\/\/www.doctolib.fr\/osteopathe\/sarzeau\/anne-solenn-garcia?pid=practice-683960\"> Anne-Solenn Garcia<\/a> \/ <a href=\"https:\/\/www.doctolib.fr\/osteopathe\/creteil\/marion-hery?pid=practice-674591\">Marion Hery \/ Rapha\u00eblle Autheman<\/a><\/li>\n\n\n\n<li><a href=\"https:\/\/mylzen-massages.com\/\">Praticienne en massages bien-\u00eatre : Mylzen (Myl\u00e8ne Roselier)<\/a><\/li>\n<\/ul>\n\n\n\n<p>En savoir plus sur le <a href=\"https:\/\/solen-lombard.fr\/index.php\/rendezvouspsychotherapie\/centre-de-therapies-emergence\/\">Centre Emergence <\/a><\/p>\n\n\n\n<p><\/p>\n","protected":false},"excerpt":{"rendered":"<p>Acc\u00e8s au cabinet psy de Vannes \/ Saint-Av\u00e9 de Solen Lombard Centre de Th\u00e9rapies Emergence Immeuble Terapolis \u2013 RDC Gauche, porte 1. 4 rue Fran\u00e7ois Tanguy Prigent &#8211; 56890 Saint-Av\u00e9 \/ Vannes Nord Acc\u00e8s en voiture : Le Centre Emergence c&#8217;est 4 cabinets vous proposant une offre compl\u00e9mentaire de soins du corps et de l&#8217;esprit. [&hellip;]<\/p>\n","protected":false},"author":1,"featured_media":0,"parent":2,"menu_order":2,"comment_status":"closed","ping_status":"closed","template":"","meta":{"footnotes":""},"class_list":["post-80","page","type-page","status-publish","hentry"],"yoast_head":"<!-- This site is optimized with the Yoast SEO plugin v27.5 - https:\/\/yoast.com\/product\/yoast-seo-wordpress\/ -->\n<title>Acc\u00e8s au cabinet - Solen Lombard - Accueil<\/title>\n<meta name=\"description\" content=\"Cabinet Psy \u00e0 Vannes Saint-Av\u00e9 au sein du centre de th\u00e9rapies Emergence regroupant diff\u00e9rents praticiens. Accessible en v\u00e9lo, bus (arr\u00eat Toulbao 4 et 7), parking gratuit sur place.\" \/>\n<meta name=\"robots\" content=\"index, follow, max-snippet:-1, max-image-preview:large, max-video-preview:-1\" \/>\n<link rel=\"canonical\" href=\"https:\/\/solen-lombard.fr\/index.php\/rendezvoustherapie\/cabinet-psy-vannes-saint-ave\/\" \/>\n<meta property=\"og:locale\" content=\"en_US\" \/>\n<meta property=\"og:type\" content=\"article\" \/>\n<meta property=\"og:title\" content=\"Acc\u00e8s au cabinet - Solen Lombard - Accueil\" \/>\n<meta property=\"og:description\" content=\"Cabinet Psy \u00e0 Vannes Saint-Av\u00e9 au sein du centre de th\u00e9rapies Emergence regroupant diff\u00e9rents praticiens. Accessible en v\u00e9lo, bus (arr\u00eat Toulbao 4 et 7), parking gratuit sur place.\" \/>\n<meta property=\"og:url\" content=\"https:\/\/solen-lombard.fr\/index.php\/rendezvoustherapie\/cabinet-psy-vannes-saint-ave\/\" \/>\n<meta property=\"og:site_name\" content=\"Solen Lombard - Accueil\" \/>\n<meta property=\"article:modified_time\" content=\"2025-12-11T22:49:29+00:00\" \/>\n<meta property=\"og:image\" content=\"https:\/\/solen-lombard.fr\/wp-content\/uploads\/2025\/02\/Logo-Emergence-Fb-Bleu.png\" \/>\n\t<meta property=\"og:image:width\" content=\"938\" \/>\n\t<meta property=\"og:image:height\" content=\"938\" \/>\n\t<meta property=\"og:image:type\" content=\"image\/png\" \/>\n<meta name=\"twitter:card\" content=\"summary_large_image\" \/>\n<meta name=\"twitter:label1\" content=\"Est. reading time\" \/>\n\t<meta name=\"twitter:data1\" content=\"1 minute\" \/>\n<script type=\"application\/ld+json\" class=\"yoast-schema-graph\">{\"@context\":\"https:\\\/\\\/schema.org\",\"@graph\":[{\"@type\":\"WebPage\",\"@id\":\"https:\\\/\\\/solen-lombard.fr\\\/index.php\\\/rendezvoustherapie\\\/cabinet-psy-vannes-saint-ave\\\/\",\"url\":\"https:\\\/\\\/solen-lombard.fr\\\/index.php\\\/rendezvoustherapie\\\/cabinet-psy-vannes-saint-ave\\\/\",\"name\":\"Acc\u00e8s au cabinet - Solen Lombard - Accueil\",\"isPartOf\":{\"@id\":\"https:\\\/\\\/solen-lombard.fr\\\/#website\"},\"primaryImageOfPage\":{\"@id\":\"https:\\\/\\\/solen-lombard.fr\\\/index.php\\\/rendezvoustherapie\\\/cabinet-psy-vannes-saint-ave\\\/#primaryimage\"},\"image\":{\"@id\":\"https:\\\/\\\/solen-lombard.fr\\\/index.php\\\/rendezvoustherapie\\\/cabinet-psy-vannes-saint-ave\\\/#primaryimage\"},\"thumbnailUrl\":\"https:\\\/\\\/solen-lombard.fr\\\/wp-content\\\/uploads\\\/2025\\\/02\\\/Logo-Emergence-Fb-Bleu.png\",\"datePublished\":\"2024-09-10T11:13:09+00:00\",\"dateModified\":\"2025-12-11T22:49:29+00:00\",\"description\":\"Cabinet Psy \u00e0 Vannes Saint-Av\u00e9 au sein du centre de th\u00e9rapies Emergence regroupant diff\u00e9rents praticiens. Accessible en v\u00e9lo, bus (arr\u00eat Toulbao 4 et 7), parking gratuit sur place.\",\"breadcrumb\":{\"@id\":\"https:\\\/\\\/solen-lombard.fr\\\/index.php\\\/rendezvoustherapie\\\/cabinet-psy-vannes-saint-ave\\\/#breadcrumb\"},\"inLanguage\":\"en-US\",\"potentialAction\":[{\"@type\":\"ReadAction\",\"target\":[\"https:\\\/\\\/solen-lombard.fr\\\/index.php\\\/rendezvoustherapie\\\/cabinet-psy-vannes-saint-ave\\\/\"]}]},{\"@type\":\"ImageObject\",\"inLanguage\":\"en-US\",\"@id\":\"https:\\\/\\\/solen-lombard.fr\\\/index.php\\\/rendezvoustherapie\\\/cabinet-psy-vannes-saint-ave\\\/#primaryimage\",\"url\":\"https:\\\/\\\/solen-lombard.fr\\\/wp-content\\\/uploads\\\/2025\\\/02\\\/Logo-Emergence-Fb-Bleu.png\",\"contentUrl\":\"https:\\\/\\\/solen-lombard.fr\\\/wp-content\\\/uploads\\\/2025\\\/02\\\/Logo-Emergence-Fb-Bleu.png\",\"width\":938,\"height\":938,\"caption\":\"Centre de th\u00e9rapies Emergence Saint-Av\u00e9 Vannes\"},{\"@type\":\"BreadcrumbList\",\"@id\":\"https:\\\/\\\/solen-lombard.fr\\\/index.php\\\/rendezvoustherapie\\\/cabinet-psy-vannes-saint-ave\\\/#breadcrumb\",\"itemListElement\":[{\"@type\":\"ListItem\",\"position\":1,\"name\":\"Accueil\",\"item\":\"https:\\\/\\\/solen-lombard.fr\\\/\"},{\"@type\":\"ListItem\",\"position\":2,\"name\":\"Prendre Rendez-Vous pour d\u00e9marrer une th\u00e9rapie\",\"item\":\"https:\\\/\\\/solen-lombard.fr\\\/index.php\\\/rendezvoustherapie\\\/\"},{\"@type\":\"ListItem\",\"position\":3,\"name\":\"Acc\u00e8s au cabinet\"}]},{\"@type\":\"WebSite\",\"@id\":\"https:\\\/\\\/solen-lombard.fr\\\/#website\",\"url\":\"https:\\\/\\\/solen-lombard.fr\\\/\",\"name\":\"solen-lombard.fr\",\"description\":\"Un site utilisant WordPress\",\"publisher\":{\"@id\":\"https:\\\/\\\/solen-lombard.fr\\\/#organization\"},\"potentialAction\":[{\"@type\":\"SearchAction\",\"target\":{\"@type\":\"EntryPoint\",\"urlTemplate\":\"https:\\\/\\\/solen-lombard.fr\\\/?s={search_term_string}\"},\"query-input\":{\"@type\":\"PropertyValueSpecification\",\"valueRequired\":true,\"valueName\":\"search_term_string\"}}],\"inLanguage\":\"en-US\"},{\"@type\":\"Organization\",\"@id\":\"https:\\\/\\\/solen-lombard.fr\\\/#organization\",\"name\":\"EI Solen Lombard Psychoth\u00e9rapie\",\"url\":\"https:\\\/\\\/solen-lombard.fr\\\/\",\"logo\":{\"@type\":\"ImageObject\",\"inLanguage\":\"en-US\",\"@id\":\"https:\\\/\\\/solen-lombard.fr\\\/#\\\/schema\\\/logo\\\/image\\\/\",\"url\":\"https:\\\/\\\/solen-lombard.fr\\\/wp-content\\\/uploads\\\/2025\\\/02\\\/Solen-Lombard.png\",\"contentUrl\":\"https:\\\/\\\/solen-lombard.fr\\\/wp-content\\\/uploads\\\/2025\\\/02\\\/Solen-Lombard.png\",\"width\":500,\"height\":500,\"caption\":\"EI Solen Lombard Psychoth\u00e9rapie\"},\"image\":{\"@id\":\"https:\\\/\\\/solen-lombard.fr\\\/#\\\/schema\\\/logo\\\/image\\\/\"},\"sameAs\":[\"https:\\\/\\\/www.linkedin.com\\\/in\\\/solen-lombard\\\/\"]}]}<\/script>\n<!-- \/ Yoast SEO plugin. -->","yoast_head_json":{"title":"Acc\u00e8s au cabinet - Solen Lombard - Accueil","description":"Cabinet Psy \u00e0 Vannes Saint-Av\u00e9 au sein du centre de th\u00e9rapies Emergence regroupant diff\u00e9rents praticiens. Accessible en v\u00e9lo, bus (arr\u00eat Toulbao 4 et 7), parking gratuit sur place.","robots":{"index":"index","follow":"follow","max-snippet":"max-snippet:-1","max-image-preview":"max-image-preview:large","max-video-preview":"max-video-preview:-1"},"canonical":"https:\/\/solen-lombard.fr\/index.php\/rendezvoustherapie\/cabinet-psy-vannes-saint-ave\/","og_locale":"en_US","og_type":"article","og_title":"Acc\u00e8s au cabinet - Solen Lombard - Accueil","og_description":"Cabinet Psy \u00e0 Vannes Saint-Av\u00e9 au sein du centre de th\u00e9rapies Emergence regroupant diff\u00e9rents praticiens. Accessible en v\u00e9lo, bus (arr\u00eat Toulbao 4 et 7), parking gratuit sur place.","og_url":"https:\/\/solen-lombard.fr\/index.php\/rendezvoustherapie\/cabinet-psy-vannes-saint-ave\/","og_site_name":"Solen Lombard - Accueil","article_modified_time":"2025-12-11T22:49:29+00:00","og_image":[{"width":938,"height":938,"url":"https:\/\/solen-lombard.fr\/wp-content\/uploads\/2025\/02\/Logo-Emergence-Fb-Bleu.png","type":"image\/png"}],"twitter_card":"summary_large_image","twitter_misc":{"Est. reading time":"1 minute"},"schema":{"@context":"https:\/\/schema.org","@graph":[{"@type":"WebPage","@id":"https:\/\/solen-lombard.fr\/index.php\/rendezvoustherapie\/cabinet-psy-vannes-saint-ave\/","url":"https:\/\/solen-lombard.fr\/index.php\/rendezvoustherapie\/cabinet-psy-vannes-saint-ave\/","name":"Acc\u00e8s au cabinet - Solen Lombard - Accueil","isPartOf":{"@id":"https:\/\/solen-lombard.fr\/#website"},"primaryImageOfPage":{"@id":"https:\/\/solen-lombard.fr\/index.php\/rendezvoustherapie\/cabinet-psy-vannes-saint-ave\/#primaryimage"},"image":{"@id":"https:\/\/solen-lombard.fr\/index.php\/rendezvoustherapie\/cabinet-psy-vannes-saint-ave\/#primaryimage"},"thumbnailUrl":"https:\/\/solen-lombard.fr\/wp-content\/uploads\/2025\/02\/Logo-Emergence-Fb-Bleu.png","datePublished":"2024-09-10T11:13:09+00:00","dateModified":"2025-12-11T22:49:29+00:00","description":"Cabinet Psy \u00e0 Vannes Saint-Av\u00e9 au sein du centre de th\u00e9rapies Emergence regroupant diff\u00e9rents praticiens. Accessible en v\u00e9lo, bus (arr\u00eat Toulbao 4 et 7), parking gratuit sur place.","breadcrumb":{"@id":"https:\/\/solen-lombard.fr\/index.php\/rendezvoustherapie\/cabinet-psy-vannes-saint-ave\/#breadcrumb"},"inLanguage":"en-US","potentialAction":[{"@type":"ReadAction","target":["https:\/\/solen-lombard.fr\/index.php\/rendezvoustherapie\/cabinet-psy-vannes-saint-ave\/"]}]},{"@type":"ImageObject","inLanguage":"en-US","@id":"https:\/\/solen-lombard.fr\/index.php\/rendezvoustherapie\/cabinet-psy-vannes-saint-ave\/#primaryimage","url":"https:\/\/solen-lombard.fr\/wp-content\/uploads\/2025\/02\/Logo-Emergence-Fb-Bleu.png","contentUrl":"https:\/\/solen-lombard.fr\/wp-content\/uploads\/2025\/02\/Logo-Emergence-Fb-Bleu.png","width":938,"height":938,"caption":"Centre de th\u00e9rapies Emergence Saint-Av\u00e9 Vannes"},{"@type":"BreadcrumbList","@id":"https:\/\/solen-lombard.fr\/index.php\/rendezvoustherapie\/cabinet-psy-vannes-saint-ave\/#breadcrumb","itemListElement":[{"@type":"ListItem","position":1,"name":"Accueil","item":"https:\/\/solen-lombard.fr\/"},{"@type":"ListItem","position":2,"name":"Prendre Rendez-Vous pour d\u00e9marrer une th\u00e9rapie","item":"https:\/\/solen-lombard.fr\/index.php\/rendezvoustherapie\/"},{"@type":"ListItem","position":3,"name":"Acc\u00e8s au cabinet"}]},{"@type":"WebSite","@id":"https:\/\/solen-lombard.fr\/#website","url":"https:\/\/solen-lombard.fr\/","name":"solen-lombard.fr","description":"Un site utilisant WordPress","publisher":{"@id":"https:\/\/solen-lombard.fr\/#organization"},"potentialAction":[{"@type":"SearchAction","target":{"@type":"EntryPoint","urlTemplate":"https:\/\/solen-lombard.fr\/?s={search_term_string}"},"query-input":{"@type":"PropertyValueSpecification","valueRequired":true,"valueName":"search_term_string"}}],"inLanguage":"en-US"},{"@type":"Organization","@id":"https:\/\/solen-lombard.fr\/#organization","name":"EI Solen Lombard Psychoth\u00e9rapie","url":"https:\/\/solen-lombard.fr\/","logo":{"@type":"ImageObject","inLanguage":"en-US","@id":"https:\/\/solen-lombard.fr\/#\/schema\/logo\/image\/","url":"https:\/\/solen-lombard.fr\/wp-content\/uploads\/2025\/02\/Solen-Lombard.png","contentUrl":"https:\/\/solen-lombard.fr\/wp-content\/uploads\/2025\/02\/Solen-Lombard.png","width":500,"height":500,"caption":"EI Solen Lombard Psychoth\u00e9rapie"},"image":{"@id":"https:\/\/solen-lombard.fr\/#\/schema\/logo\/image\/"},"sameAs":["https:\/\/www.linkedin.com\/in\/solen-lombard\/"]}]}},"_links":{"self":[{"href":"https:\/\/solen-lombard.fr\/index.php\/wp-json\/wp\/v2\/pages\/80","targetHints":{"allow":["GET"]}}],"collection":[{"href":"https:\/\/solen-lombard.fr\/index.php\/wp-json\/wp\/v2\/pages"}],"about":[{"href":"https:\/\/solen-lombard.fr\/index.php\/wp-json\/wp\/v2\/types\/page"}],"author":[{"embeddable":true,"href":"https:\/\/solen-lombard.fr\/index.php\/wp-json\/wp\/v2\/users\/1"}],"replies":[{"embeddable":true,"href":"https:\/\/solen-lombard.fr\/index.php\/wp-json\/wp\/v2\/comments?post=80"}],"version-history":[{"count":0,"href":"https:\/\/solen-lombard.fr\/index.php\/wp-json\/wp\/v2\/pages\/80\/revisions"}],"up":[{"embeddable":true,"href":"https:\/\/solen-lombard.fr\/index.php\/wp-json\/wp\/v2\/pages\/2"}],"wp:attachment":[{"href":"https:\/\/solen-lombard.fr\/index.php\/wp-json\/wp\/v2\/media?parent=80"}],"curies":[{"name":"wp","href":"https:\/\/api.w.org\/{rel}","templated":true}]}}